{"id":4169,"date":"2018-12-19T13:48:53","date_gmt":"2018-12-19T12:48:53","guid":{"rendered":"https:\/\/www.alphacan.com\/?page_id=4169"},"modified":"2019-04-12T09:58:10","modified_gmt":"2019-04-12T07:58:10","slug":"finition-de-toit","status":"publish","type":"page","link":"https:\/\/www.alphacan.com\/hr\/espace-clair\/finition-de-toit\/","title":{"rendered":"ZAVR\u0160NA OBRADA KROVA"},"content":{"rendered":"<h2>SKLADNA OBRADA<\/h2>\n<p>Asortiman ESPACE CLAIR nudi vrlo \u0161irok spektar profila za zavr\u0161nu obradu krova.<\/p>\n<p>Zavr\u0161ni paneli, izra\u0111eni od ekspandiranog stani\u010dnog PVC-a, dostupne su za du\u017eine od 150 do 400 mm.<\/p>\n<p>Ovaj se asortiman nadopunjuje panelima od 200 mm do 350 mm \u0161irine.<\/p>\n<p>Mogu\u0107a zavr\u0161na obrada u razli\u010ditim bojama baze i foliranja.<\/p>\n","protected":false},"excerpt":{"rendered":"<p>SKLADNA OBRADA Asortiman ESPACE CLAIR nudi vrlo \u0161irok spektar profila za zavr\u0161nu obradu krova. Zavr\u0161ni paneli, izra\u0111eni od ekspandiranog stani\u010dnog PVC-a, dostupne su za du\u017eine od 150 do 400 mm. Ovaj se asortiman nadopunjuje panelima od 200 mm do 350 mm \u0161irine. Mogu\u0107a zavr\u0161na obrada u razli\u010ditim bojama baze i foliranja.<\/p>\n","protected":false},"author":155,"featured_media":4075,"parent":4165,"menu_order":2,"comment_status":"closed","ping_status":"closed","template":"","meta":{"_acf_changed":false,"footnotes":""},"class_list":["post-4169","page","type-page","status-publish","has-post-thumbnail","hentry"],"acf":[],"yoast_head":"<!-- This site is optimized with the Yoast SEO plugin v27.0 - https:\/\/yoast.com\/product\/yoast-seo-wordpress\/ -->\n<title>ZAVR\u0160NA OBRADA KROVA &#8211; Alphacan<\/title>\n<meta name=\"description\" content=\"SKLADNA OBRADA Asortiman ESPACE CLAIR nudi vrlo \u0161irok spektar profila za zavr\u0161nu obradu krova. Zavr\u0161ni paneli, izra\u0111eni od ekspandiranog stani\u010dnog PVC-a,\" \/>\n<meta name=\"robots\" content=\"index, follow, max-snippet:-1, max-image-preview:large, max-video-preview:-1\" \/>\n<link rel=\"canonical\" href=\"https:\/\/www.alphacan.com\/hr\/espace-clair\/finition-de-toit\/\" \/>\n<meta property=\"og:locale\" content=\"hr_HR\" \/>\n<meta property=\"og:type\" content=\"article\" \/>\n<meta property=\"og:title\" content=\"ZAVR\u0160NA OBRADA KROVA &#8211; Alphacan\" \/>\n<meta property=\"og:description\" content=\"SKLADNA OBRADA Asortiman ESPACE CLAIR nudi vrlo \u0161irok spektar profila za zavr\u0161nu obradu krova. Zavr\u0161ni paneli, izra\u0111eni od ekspandiranog stani\u010dnog PVC-a,\" \/>\n<meta property=\"og:url\" content=\"https:\/\/www.alphacan.com\/hr\/espace-clair\/finition-de-toit\/\" \/>\n<meta property=\"og:site_name\" content=\"Alphacan\" \/>\n<meta property=\"article:modified_time\" content=\"2019-04-12T07:58:10+00:00\" \/>\n<meta property=\"og:image\" content=\"https:\/\/www.alphacan.com\/wp-content\/uploads\/2017\/11\/pictos-Toit.jpg\" \/>\n\t<meta property=\"og:image:width\" content=\"484\" \/>\n\t<meta property=\"og:image:height\" content=\"540\" \/>\n\t<meta property=\"og:image:type\" content=\"image\/jpeg\" \/>\n<meta name=\"twitter:card\" content=\"summary_large_image\" \/>\n<script type=\"application\/ld+json\" class=\"yoast-schema-graph\">{\"@context\":\"https:\/\/schema.org\",\"@graph\":[{\"@type\":\"WebPage\",\"@id\":\"https:\/\/www.alphacan.com\/hr\/espace-clair\/finition-de-toit\/\",\"url\":\"https:\/\/www.alphacan.com\/hr\/espace-clair\/finition-de-toit\/\",\"name\":\"ZAVR\u0160NA OBRADA KROVA &#8211; Alphacan\",\"isPartOf\":{\"@id\":\"https:\/\/www.alphacan.com\/es\/#website\"},\"primaryImageOfPage\":{\"@id\":\"https:\/\/www.alphacan.com\/hr\/espace-clair\/finition-de-toit\/#primaryimage\"},\"image\":{\"@id\":\"https:\/\/www.alphacan.com\/hr\/espace-clair\/finition-de-toit\/#primaryimage\"},\"thumbnailUrl\":\"https:\/\/www.alphacan.com\/wp-content\/uploads\/2017\/11\/pictos-Toit.jpg\",\"datePublished\":\"2018-12-19T12:48:53+00:00\",\"dateModified\":\"2019-04-12T07:58:10+00:00\",\"description\":\"SKLADNA OBRADA Asortiman ESPACE CLAIR nudi vrlo \u0161irok spektar profila za zavr\u0161nu obradu krova. Zavr\u0161ni paneli, izra\u0111eni od ekspandiranog stani\u010dnog PVC-a,\",\"breadcrumb\":{\"@id\":\"https:\/\/www.alphacan.com\/hr\/espace-clair\/finition-de-toit\/#breadcrumb\"},\"inLanguage\":\"hr\",\"potentialAction\":[{\"@type\":\"ReadAction\",\"target\":[\"https:\/\/www.alphacan.com\/hr\/espace-clair\/finition-de-toit\/\"]}]},{\"@type\":\"ImageObject\",\"inLanguage\":\"hr\",\"@id\":\"https:\/\/www.alphacan.com\/hr\/espace-clair\/finition-de-toit\/#primaryimage\",\"url\":\"https:\/\/www.alphacan.com\/wp-content\/uploads\/2017\/11\/pictos-Toit.jpg\",\"contentUrl\":\"https:\/\/www.alphacan.com\/wp-content\/uploads\/2017\/11\/pictos-Toit.jpg\",\"width\":484,\"height\":540},{\"@type\":\"BreadcrumbList\",\"@id\":\"https:\/\/www.alphacan.com\/hr\/espace-clair\/finition-de-toit\/#breadcrumb\",\"itemListElement\":[{\"@type\":\"ListItem\",\"position\":1,\"name\":\"Accueil\",\"item\":\"https:\/\/www.alphacan.com\/hr\/\"},{\"@type\":\"ListItem\",\"position\":2,\"name\":\"ESPACE CLAIR\",\"item\":\"https:\/\/www.alphacan.com\/hr\/espace-clair\/\"},{\"@type\":\"ListItem\",\"position\":3,\"name\":\"ZAVR\u0160NA OBRADA KROVA\"}]},{\"@type\":\"WebSite\",\"@id\":\"https:\/\/www.alphacan.com\/es\/#website\",\"url\":\"https:\/\/www.alphacan.com\/es\/\",\"name\":\"Alphacan\",\"description\":\"Concepteur Menuiseries\",\"potentialAction\":[{\"@type\":\"SearchAction\",\"target\":{\"@type\":\"EntryPoint\",\"urlTemplate\":\"https:\/\/www.alphacan.com\/es\/?s={search_term_string}\"},\"query-input\":{\"@type\":\"PropertyValueSpecification\",\"valueRequired\":true,\"valueName\":\"search_term_string\"}}],\"inLanguage\":\"hr\"}]}<\/script>\n<!-- \/ Yoast SEO plugin. -->","yoast_head_json":{"title":"ZAVR\u0160NA OBRADA KROVA &#8211; Alphacan","description":"SKLADNA OBRADA Asortiman ESPACE CLAIR nudi vrlo \u0161irok spektar profila za zavr\u0161nu obradu krova. Zavr\u0161ni paneli, izra\u0111eni od ekspandiranog stani\u010dnog PVC-a,","robots":{"index":"index","follow":"follow","max-snippet":"max-snippet:-1","max-image-preview":"max-image-preview:large","max-video-preview":"max-video-preview:-1"},"canonical":"https:\/\/www.alphacan.com\/hr\/espace-clair\/finition-de-toit\/","og_locale":"hr_HR","og_type":"article","og_title":"ZAVR\u0160NA OBRADA KROVA &#8211; Alphacan","og_description":"SKLADNA OBRADA Asortiman ESPACE CLAIR nudi vrlo \u0161irok spektar profila za zavr\u0161nu obradu krova. Zavr\u0161ni paneli, izra\u0111eni od ekspandiranog stani\u010dnog PVC-a,","og_url":"https:\/\/www.alphacan.com\/hr\/espace-clair\/finition-de-toit\/","og_site_name":"Alphacan","article_modified_time":"2019-04-12T07:58:10+00:00","og_image":[{"width":484,"height":540,"url":"https:\/\/www.alphacan.com\/wp-content\/uploads\/2017\/11\/pictos-Toit.jpg","type":"image\/jpeg"}],"twitter_card":"summary_large_image","schema":{"@context":"https:\/\/schema.org","@graph":[{"@type":"WebPage","@id":"https:\/\/www.alphacan.com\/hr\/espace-clair\/finition-de-toit\/","url":"https:\/\/www.alphacan.com\/hr\/espace-clair\/finition-de-toit\/","name":"ZAVR\u0160NA OBRADA KROVA &#8211; Alphacan","isPartOf":{"@id":"https:\/\/www.alphacan.com\/es\/#website"},"primaryImageOfPage":{"@id":"https:\/\/www.alphacan.com\/hr\/espace-clair\/finition-de-toit\/#primaryimage"},"image":{"@id":"https:\/\/www.alphacan.com\/hr\/espace-clair\/finition-de-toit\/#primaryimage"},"thumbnailUrl":"https:\/\/www.alphacan.com\/wp-content\/uploads\/2017\/11\/pictos-Toit.jpg","datePublished":"2018-12-19T12:48:53+00:00","dateModified":"2019-04-12T07:58:10+00:00","description":"SKLADNA OBRADA Asortiman ESPACE CLAIR nudi vrlo \u0161irok spektar profila za zavr\u0161nu obradu krova. Zavr\u0161ni paneli, izra\u0111eni od ekspandiranog stani\u010dnog PVC-a,","breadcrumb":{"@id":"https:\/\/www.alphacan.com\/hr\/espace-clair\/finition-de-toit\/#breadcrumb"},"inLanguage":"hr","potentialAction":[{"@type":"ReadAction","target":["https:\/\/www.alphacan.com\/hr\/espace-clair\/finition-de-toit\/"]}]},{"@type":"ImageObject","inLanguage":"hr","@id":"https:\/\/www.alphacan.com\/hr\/espace-clair\/finition-de-toit\/#primaryimage","url":"https:\/\/www.alphacan.com\/wp-content\/uploads\/2017\/11\/pictos-Toit.jpg","contentUrl":"https:\/\/www.alphacan.com\/wp-content\/uploads\/2017\/11\/pictos-Toit.jpg","width":484,"height":540},{"@type":"BreadcrumbList","@id":"https:\/\/www.alphacan.com\/hr\/espace-clair\/finition-de-toit\/#breadcrumb","itemListElement":[{"@type":"ListItem","position":1,"name":"Accueil","item":"https:\/\/www.alphacan.com\/hr\/"},{"@type":"ListItem","position":2,"name":"ESPACE CLAIR","item":"https:\/\/www.alphacan.com\/hr\/espace-clair\/"},{"@type":"ListItem","position":3,"name":"ZAVR\u0160NA OBRADA KROVA"}]},{"@type":"WebSite","@id":"https:\/\/www.alphacan.com\/es\/#website","url":"https:\/\/www.alphacan.com\/es\/","name":"Alphacan","description":"Concepteur Menuiseries","potentialAction":[{"@type":"SearchAction","target":{"@type":"EntryPoint","urlTemplate":"https:\/\/www.alphacan.com\/es\/?s={search_term_string}"},"query-input":{"@type":"PropertyValueSpecification","valueRequired":true,"valueName":"search_term_string"}}],"inLanguage":"hr"}]}},"_links":{"self":[{"href":"https:\/\/www.alphacan.com\/hr\/wp-json\/wp\/v2\/pages\/4169","targetHints":{"allow":["GET"]}}],"collection":[{"href":"https:\/\/www.alphacan.com\/hr\/wp-json\/wp\/v2\/pages"}],"about":[{"href":"https:\/\/www.alphacan.com\/hr\/wp-json\/wp\/v2\/types\/page"}],"author":[{"embeddable":true,"href":"https:\/\/www.alphacan.com\/hr\/wp-json\/wp\/v2\/users\/155"}],"replies":[{"embeddable":true,"href":"https:\/\/www.alphacan.com\/hr\/wp-json\/wp\/v2\/comments?post=4169"}],"version-history":[{"count":5,"href":"https:\/\/www.alphacan.com\/hr\/wp-json\/wp\/v2\/pages\/4169\/revisions"}],"predecessor-version":[{"id":6141,"href":"https:\/\/www.alphacan.com\/hr\/wp-json\/wp\/v2\/pages\/4169\/revisions\/6141"}],"up":[{"embeddable":true,"href":"https:\/\/www.alphacan.com\/hr\/wp-json\/wp\/v2\/pages\/4165"}],"wp:featuredmedia":[{"embeddable":true,"href":"https:\/\/www.alphacan.com\/hr\/wp-json\/wp\/v2\/media\/4075"}],"wp:attachment":[{"href":"https:\/\/www.alphacan.com\/hr\/wp-json\/wp\/v2\/media?parent=4169"}],"curies":[{"name":"wp","href":"https:\/\/api.w.org\/{rel}","templated":true}]}}